{"version":"1.0","provider_name":"Pour le d\u00e9jeuner et le d\u00eener \u00e0 Naha, nous vous recommandons le restaurant officiel Ryubo Food Hall.","provider_url":"https:\/\/ryubofoodhall.jp\/fr","author_name":"user_rfh","author_url":"https:\/\/ryubofoodhall.jp\/fr\/p_author\/user_rfh\/","title":"L\u00e9gumes d&#39;hiver d&#39;Okinawa \u00e0 la mode franco-italienne \u2726 - Pour le d\u00e9jeuner et le d\u00eener \u00e0 Naha, nous vous recommandons le restaurant officiel Ryubo Food Hall.","type":"rich","width":600,"height":338,"html":"<blockquote class=\"wp-embedded-content\" data-secret=\"TScTgnESfp\"><a href=\"https:\/\/ryubofoodhall.jp\/fr\/p_369\/\">L\u00e9gumes d&#39;hiver d&#39;Okinawa \u00e0 la mode franco-italienne \u2726<\/a><\/blockquote><iframe sandbox=\"allow-scripts\" security=\"restricted\" src=\"https:\/\/ryubofoodhall.jp\/fr\/p_369\/embed\/#?secret=TScTgnESfp\" width=\"600\" height=\"338\" title=\"\u00ab\u00a0L\u00e9gumes d&#039;hiver d&#039;Okinawa \u00e0 la mode franco-italienne \u2726\u00a0\u00bb &#8212; Pour le d\u00e9jeuner et le d\u00eener \u00e0 Naha, nous vous recommandons le restaurant officiel Ryubo Food Hall.\" data-secret=\"TScTgnESfp\" frameborder=\"0\" marginwidth=\"0\" marginheight=\"0\" scrolling=\"no\" class=\"wp-embedded-content\"><\/iframe><script type=\"text\/javascript\">\n\/* <![CDATA[ *\/\n\/*! This file is auto-generated *\/\n!function(d,l){\"use strict\";l.querySelector&&d.addEventListener&&\"undefined\"!=typeof URL&&(d.wp=d.wp||{},d.wp.receiveEmbedMessage||(d.wp.receiveEmbedMessage=function(e){var t=e.data;if((t||t.secret||t.message||t.value)&&!\/[^a-zA-Z0-9]\/.test(t.secret)){for(var s,r,n,a=l.querySelectorAll('iframe[data-secret=\"'+t.secret+'\"]'),o=l.querySelectorAll('blockquote[data-secret=\"'+t.secret+'\"]'),c=new RegExp(\"^https?:$\",\"i\"),i=0;i<o.length;i++)o[i].style.display=\"none\";for(i=0;i<a.length;i++)s=a[i],e.source===s.contentWindow&&(s.removeAttribute(\"style\"),\"height\"===t.message?(1e3<(r=parseInt(t.value,10))?r=1e3:~~r<200&&(r=200),s.height=r):\"link\"===t.message&&(r=new URL(s.getAttribute(\"src\")),n=new URL(t.value),c.test(n.protocol))&&n.host===r.host&&l.activeElement===s&&(d.top.location.href=t.value))}},d.addEventListener(\"message\",d.wp.receiveEmbedMessage,!1),l.addEventListener(\"DOMContentLoaded\",function(){for(var e,t,s=l.querySelectorAll(\"iframe.wp-embedded-content\"),r=0;r<s.length;r++)(t=(e=s[r]).getAttribute(\"data-secret\"))||(t=Math.random().toString(36).substring(2,12),e.src+=\"#?secret=\"+t,e.setAttribute(\"data-secret\",t)),e.contentWindow.postMessage({message:\"ready\",secret:t},\"*\")},!1)))}(window,document);\n\/* ]]> *\/\n<\/script>\n","description":"Cuisine franco-italienne = fusion des cuisines fran\u00e7aise et italienne. Aujourd&#39;hui, notre chef vous propose des l\u00e9gumes grill\u00e9s des \u00eeles d&#39;Okinawa. Ces l\u00e9gumes, sublim\u00e9s par la douceur hivernale, sont simplement grill\u00e9s. Savourez le plat signature de notre restaurant, qui r\u00e9v\u00e8le toute la saveur naturelle des ingr\u00e9dients. \ud83c\udf3f Parmi les produits de saison, la photo pr\u00e9sente notre [&hellip;]"}