{"version":"1.0","provider_name":"Pour le d\u00e9jeuner et le d\u00eener \u00e0 Naha, nous vous recommandons le restaurant officiel Ryubo Food Hall.","provider_url":"https:\/\/ryubofoodhall.jp\/fr","author_name":"user_rfh","author_url":"https:\/\/ryubofoodhall.jp\/fr\/p_author\/user_rfh\/","title":"La p\u00e9riode de r\u00e9servation pour notre programme de cours d&#39;hiver recommand\u00e9 (pour les groupes de 4 personnes ou plus) a \u00e9t\u00e9 prolong\u00e9e. - Pour le d\u00e9jeuner et le d\u00eener \u00e0 Naha, nous vous recommandons le restaurant officiel Ryubo Food Hall.","type":"rich","width":600,"height":338,"html":"<blockquote class=\"wp-embedded-content\" data-secret=\"60cK3Do5DL\"><a href=\"https:\/\/ryubofoodhall.jp\/fr\/p_399\/\">La p\u00e9riode de r\u00e9servation pour notre programme de cours d&#39;hiver recommand\u00e9 (pour les groupes de 4 personnes ou plus) a \u00e9t\u00e9 prolong\u00e9e.<\/a><\/blockquote><iframe sandbox=\"allow-scripts\" security=\"restricted\" src=\"https:\/\/ryubofoodhall.jp\/fr\/p_399\/embed\/#?secret=60cK3Do5DL\" width=\"600\" height=\"338\" title=\"\u00ab\u00a0La p\u00e9riode de r\u00e9servation pour notre programme de cours d&#039;hiver recommand\u00e9 (pour les groupes de 4 personnes ou plus) a \u00e9t\u00e9 prolong\u00e9e.\u00a0\u00bb &#8212; Pour le d\u00e9jeuner et le d\u00eener \u00e0 Naha, nous vous recommandons le restaurant officiel Ryubo Food Hall.\" data-secret=\"60cK3Do5DL\" frameborder=\"0\" marginwidth=\"0\" marginheight=\"0\" scrolling=\"no\" class=\"wp-embedded-content\"><\/iframe><script type=\"text\/javascript\">\n\/* <![CDATA[ *\/\n\/*! This file is auto-generated *\/\n!function(d,l){\"use strict\";l.querySelector&&d.addEventListener&&\"undefined\"!=typeof URL&&(d.wp=d.wp||{},d.wp.receiveEmbedMessage||(d.wp.receiveEmbedMessage=function(e){var t=e.data;if((t||t.secret||t.message||t.value)&&!\/[^a-zA-Z0-9]\/.test(t.secret)){for(var s,r,n,a=l.querySelectorAll('iframe[data-secret=\"'+t.secret+'\"]'),o=l.querySelectorAll('blockquote[data-secret=\"'+t.secret+'\"]'),c=new RegExp(\"^https?:$\",\"i\"),i=0;i<o.length;i++)o[i].style.display=\"none\";for(i=0;i<a.length;i++)s=a[i],e.source===s.contentWindow&&(s.removeAttribute(\"style\"),\"height\"===t.message?(1e3<(r=parseInt(t.value,10))?r=1e3:~~r<200&&(r=200),s.height=r):\"link\"===t.message&&(r=new URL(s.getAttribute(\"src\")),n=new URL(t.value),c.test(n.protocol))&&n.host===r.host&&l.activeElement===s&&(d.top.location.href=t.value))}},d.addEventListener(\"message\",d.wp.receiveEmbedMessage,!1),l.addEventListener(\"DOMContentLoaded\",function(){for(var e,t,s=l.querySelectorAll(\"iframe.wp-embedded-content\"),r=0;r<s.length;r++)(t=(e=s[r]).getAttribute(\"data-secret\"))||(t=Math.random().toString(36).substring(2,12),e.src+=\"#?secret=\"+t,e.setAttribute(\"data-secret\",t)),e.contentWindow.postMessage({message:\"ready\",secret:t},\"*\")},!1)))}(window,document);\n\/* ]]> *\/\n<\/script>\n","description":"Notre \u00ab\u00a0Programme de cours d&#39;hiver recommand\u00e9\u00a0\u00bb, disponible depuis le 5 d\u00e9cembre 2025, a rencontr\u00e9 un vif succ\u00e8s aupr\u00e8s de nombreux clients. Nous avons donc d\u00e9cid\u00e9 de prolonger la p\u00e9riode de r\u00e9servation jusqu&#39;au 24 f\u00e9vrier. Le cours sera disponible jusqu&#39;au 28 f\u00e9vrier. Nous pr\u00e9parons \u00e9galement un cours de printemps \u00e0 partir de mars. Profitez-en pour vous [&hellip;]"}